{"id":136,"date":"2025-07-08T19:03:57","date_gmt":"2025-07-08T22:03:57","guid":{"rendered":"http:\/\/www.dr-eza.cl\/?page_id=136"},"modified":"2025-09-25T12:24:32","modified_gmt":"2025-09-25T15:24:32","slug":"alumnos","status":"publish","type":"page","link":"http:\/\/www.dr-eza.cl\/?page_id=136","title":{"rendered":"Alumnos"},"content":{"rendered":"\n<p><\/p>\n\n\n\n<div class=\"wp-block-media-text is-stacked-on-mobile\" style=\"grid-template-columns:15% auto\"><figure class=\"wp-block-media-text__media\"><img loading=\"lazy\" decoding=\"async\" width=\"822\" height=\"842\" src=\"http:\/\/www.dr-eza.cl\/wp-content\/uploads\/2025\/09\/b_bautista.png\" alt=\"\" class=\"wp-image-380 size-full\" srcset=\"http:\/\/www.dr-eza.cl\/wp-content\/uploads\/2025\/09\/b_bautista.png 822w, http:\/\/www.dr-eza.cl\/wp-content\/uploads\/2025\/09\/b_bautista-293x300.png 293w, http:\/\/www.dr-eza.cl\/wp-content\/uploads\/2025\/09\/b_bautista-768x787.png 768w\" sizes=\"auto, (max-width: 822px) 100vw, 822px\" \/><\/figure><div class=\"wp-block-media-text__content\">\n<p><strong>Benita Bautista Challco<\/strong><br>Mayor grado obtenido: <strong><strong>Mag\u00edster en Ciencias menci\u00f3n Ecolog\u00eda y Gesti\u00f3n Ambiental<\/strong><\/strong><br>Universidad: <strong>U<strong>niversidad Nacional de San Antonio Abad del Cusco &#8211; Per\u00fa<\/strong><\/strong><br>Proyecto de tesis: <strong>&#8221; &#8220;<\/strong> <br>Tutor: <\/p>\n\n\n\n<div class=\"wp-block-group is-nowrap is-layout-flex wp-container-core-group-is-layout-6c531013 wp-block-group-is-layout-flex\">\n<details class=\"wp-block-details is-layout-flow wp-block-details-is-layout-flow\"><summary>Publicaciones<\/summary>\n<p><\/p>\n<\/details>\n<\/div>\n<\/div><\/div>\n\n\n\n<hr class=\"wp-block-separator aligncenter has-alpha-channel-opacity\"\/>\n\n\n\n<div class=\"wp-block-media-text is-stacked-on-mobile\" style=\"grid-template-columns:15% auto\"><figure class=\"wp-block-media-text__media\"><img loading=\"lazy\" decoding=\"async\" width=\"822\" height=\"842\" src=\"http:\/\/www.dr-eza.cl\/wp-content\/uploads\/2025\/09\/j_quiroz.png\" alt=\"\" class=\"wp-image-379 size-full\" srcset=\"http:\/\/www.dr-eza.cl\/wp-content\/uploads\/2025\/09\/j_quiroz.png 822w, http:\/\/www.dr-eza.cl\/wp-content\/uploads\/2025\/09\/j_quiroz-293x300.png 293w, http:\/\/www.dr-eza.cl\/wp-content\/uploads\/2025\/09\/j_quiroz-768x787.png 768w\" sizes=\"auto, (max-width: 822px) 100vw, 822px\" \/><\/figure><div class=\"wp-block-media-text__content\">\n<p><strong>Jazmin Quiroz Calizaya<\/strong><br>Mayor grado obtenido: <strong>Mag\u00edster\u00a0en Ciencias Biol\u00f3gicas, menci\u00f3n\u00a0en Zonas \u00c1ridas en la Universidad de la Serena<\/strong><br>Universidad: <br>Proyecto de tesis: <strong>&#8220;&#8221;<\/strong> <br>Tutor: <\/p>\n\n\n\n<div class=\"wp-block-group is-nowrap is-layout-flex wp-container-core-group-is-layout-6c531013 wp-block-group-is-layout-flex\">\n<details class=\"wp-block-details is-layout-flow wp-block-details-is-layout-flow\"><summary>Publicaciones<\/summary>\n<p><\/p>\n<\/details>\n<\/div>\n<\/div><\/div>\n\n\n\n<hr class=\"wp-block-separator aligncenter has-alpha-channel-opacity\"\/>\n\n\n\n<div class=\"wp-block-media-text is-stacked-on-mobile\" style=\"grid-template-columns:15% auto\"><figure class=\"wp-block-media-text__media\"><img loading=\"lazy\" decoding=\"async\" width=\"197\" height=\"202\" src=\"http:\/\/www.dr-eza.cl\/wp-content\/uploads\/2025\/07\/Angie_Montenegro.png\" alt=\"\" class=\"wp-image-51 size-full\"\/><\/figure><div class=\"wp-block-media-text__content\">\n<p><strong>Dra(c) Angie Montenego Hoyos<\/strong><br>Mayor grado obtenido: <strong>Bi\u00f3loga<\/strong><br>Universidad: <strong>Universidad Agraria La Molina, Per\u00fa<\/strong><br>Proyecto de tesis: <strong>&#8220;Exploring the role of root system architecture intraspecific variation in response to water deficit at early developmental stages&#8221;<\/strong> <br>Tutor: <strong>Rodrigo Rios<\/strong><\/p>\n\n\n\n<div class=\"wp-block-group is-nowrap is-layout-flex wp-container-core-group-is-layout-6c531013 wp-block-group-is-layout-flex\">\n<figure class=\"wp-block-image size-full\"><a href=\"http:\/\/www.dr-eza.cl\/wp-content\/uploads\/2025\/09\/GraphicalAbstract_AngieMontenegro.png\" target=\"_blank\" rel=\" noreferrer noopener\"><img loading=\"lazy\" decoding=\"async\" width=\"121\" height=\"53\" src=\"http:\/\/www.dr-eza.cl\/wp-content\/uploads\/2025\/09\/GraphicalAbstract_AngieMontenegro_mini.png\" alt=\"\" class=\"wp-image-352\"\/><\/a><\/figure>\n\n\n\n<details class=\"wp-block-details is-layout-flow wp-block-details-is-layout-flow\"><summary>Publicaciones<\/summary>\n<p><a href=\"http:\/\/www.dr-eza.cl\/wp-content\/uploads\/2025\/09\/GraphicalAbstract_AngieMontenegro.png\" target=\"_blank\" rel=\"noreferrer noopener\">Graphical Abstract<\/a><\/p>\n<\/details>\n<\/div>\n<\/div><\/div>\n\n\n\n<hr class=\"wp-block-separator aligncenter has-alpha-channel-opacity\"\/>\n\n\n\n<div class=\"wp-block-media-text is-stacked-on-mobile\" style=\"grid-template-columns:15% auto\"><figure class=\"wp-block-media-text__media\"><img loading=\"lazy\" decoding=\"async\" width=\"197\" height=\"202\" src=\"http:\/\/www.dr-eza.cl\/wp-content\/uploads\/2025\/07\/Damaris_Tapia.png\" alt=\"\" class=\"wp-image-53 size-full\"\/><\/figure><div class=\"wp-block-media-text__content\">\n<p><strong>Dra(c) D\u00e1maris Tapia Michea<\/strong><br>Mayor grado obtenido: <strong>Ingeniera Forestal<\/strong><br>Universidad: <strong>Universidad de Chile<\/strong><br>Proyecto de tesis: <strong>&#8220;Respuestas intraespec\u00edficas a la aridez: variaci\u00f3n de rasgos reproductivos y estrategias de bet-hedging en un arbusto del desierto costero de Atacama&#8221;<\/strong><br>Tutores: <strong>Francisco A. Squeo, Co-Tutor: Danny Carvajal<\/strong><\/p>\n\n\n\n<div class=\"wp-block-group is-nowrap is-layout-flex wp-container-core-group-is-layout-6c531013 wp-block-group-is-layout-flex\">\n<figure class=\"wp-block-image size-full\"><a href=\"http:\/\/www.dr-eza.cl\/wp-content\/uploads\/2025\/09\/graphicalAbstract_DamarisTapia.pdf\" target=\"_blank\" rel=\" noreferrer noopener\"><img loading=\"lazy\" decoding=\"async\" width=\"121\" height=\"53\" src=\"http:\/\/www.dr-eza.cl\/wp-content\/uploads\/2025\/09\/graphicalAbstract_DamarisTapia_mini.jpg\" alt=\"\" class=\"wp-image-348\"\/><\/a><\/figure>\n\n\n\n<details class=\"wp-block-details is-layout-flow wp-block-details-is-layout-flow\"><summary>Publicaciones<\/summary>\n<p><a href=\"http:\/\/www.dr-eza.cl\/wp-content\/uploads\/2025\/09\/graphicalAbstract_DamarisTapia.pdf\" target=\"_blank\" rel=\"noreferrer noopener\">Graphical Abstract<\/a><\/p>\n<\/details>\n<\/div>\n<\/div><\/div>\n\n\n\n<hr class=\"wp-block-separator aligncenter has-alpha-channel-opacity\"\/>\n\n\n\n<div class=\"wp-block-media-text is-stacked-on-mobile\" style=\"grid-template-columns:15% auto\"><figure class=\"wp-block-media-text__media\"><img loading=\"lazy\" decoding=\"async\" width=\"197\" height=\"202\" src=\"http:\/\/www.dr-eza.cl\/wp-content\/uploads\/2025\/07\/a_moncada.png\" alt=\"\" class=\"wp-image-72 size-full\"\/><\/figure><div class=\"wp-block-media-text__content\">\n<p><strong>Dra(c) Alejandra Moncada<\/strong><br>Mayor grado obtenido: <strong>Maestr\u00eda en Biociencias<\/strong><br>Universidad: <strong>Instituto Polit\u00e9cnico Nacional, Mexico<\/strong><br>Proyecto de tesis: <strong>Diferenciaci\u00f3n asociada al hospedero en un insecto herb\u00edvoro y el impacto de la aridez en la relaci\u00f3n insecto-planta<\/strong><br>Tutores: <strong>Nicolas Gouin, Co-tutores Cristian salgado y Ernesto Gianoli<\/strong><\/p>\n\n\n\n<div class=\"wp-block-group is-nowrap is-layout-flex wp-container-core-group-is-layout-6c531013 wp-block-group-is-layout-flex\">\n<figure class=\"wp-block-image size-full\"><a href=\"http:\/\/www.dr-eza.cl\/wp-content\/uploads\/2025\/09\/GraphicalAbstract_AlejandraMoncada.png\" target=\"_blank\" rel=\" noreferrer noopener\"><img loading=\"lazy\" decoding=\"async\" width=\"117\" height=\"51\" src=\"http:\/\/www.dr-eza.cl\/wp-content\/uploads\/2025\/09\/GraphicalAbstract_AlejandraMoncada_mini.png\" alt=\"\" class=\"wp-image-350\"\/><\/a><\/figure>\n\n\n\n<details class=\"wp-block-details is-layout-flow wp-block-details-is-layout-flow\"><summary>Publicaciones<\/summary>\n<p><a href=\"http:\/\/www.dr-eza.cl\/wp-content\/uploads\/2025\/09\/GraphicalAbstract_AlejandraMoncada.png\" target=\"_blank\" rel=\"noreferrer noopener\">Graphical Abstract <\/a><\/p>\n<\/details>\n<\/div>\n<\/div><\/div>\n\n\n\n<hr class=\"wp-block-separator aligncenter has-alpha-channel-opacity\"\/>\n\n\n\n<div class=\"wp-block-media-text is-stacked-on-mobile\" style=\"grid-template-columns:15% auto\"><figure class=\"wp-block-media-text__media\"><img loading=\"lazy\" decoding=\"async\" width=\"197\" height=\"202\" src=\"http:\/\/www.dr-eza.cl\/wp-content\/uploads\/2025\/07\/Adalid_Alfaro.png\" alt=\"\" class=\"wp-image-50 size-full\"\/><\/figure><div class=\"wp-block-media-text__content\">\n<p><strong>Dr(c) Adalid Alfaro<\/strong><br>Mayor grado obtenido: <strong>Maestr\u00eda en Ciencias Biol\u00f3gicas y Biom\u00e9dicas<\/strong><br>Universidad: <strong>Universidad Mayor San Andr\u00e9s, Bolivia<\/strong><br>Proyecto de tesis: <strong>Procesos ecol\u00f3gicos que regulan el ensamblaje de comunidades microbianas en la cuenca del r\u00edo Elqui, Chile<\/strong><br>Tutores: <strong>Alexandra Stoll, Co-tutor M\u00e1ximo Gonz\u00e1lez<\/strong><\/p>\n\n\n\n<div class=\"wp-block-group is-nowrap is-layout-flex wp-container-core-group-is-layout-6c531013 wp-block-group-is-layout-flex\">\n<figure class=\"wp-block-image size-full\"><a href=\"http:\/\/www.dr-eza.cl\/wp-content\/uploads\/2025\/09\/GraphicalAbstract_AdalidAlfaro.png\" target=\"_blank\" rel=\" noreferrer noopener\"><img loading=\"lazy\" decoding=\"async\" width=\"77\" height=\"51\" src=\"http:\/\/www.dr-eza.cl\/wp-content\/uploads\/2025\/09\/GraphicalAbstract_AdalidAlfaro_mini.png\" alt=\"\" class=\"wp-image-351\"\/><\/a><\/figure>\n\n\n\n<details class=\"wp-block-details is-layout-flow wp-block-details-is-layout-flow\"><summary>Publicaciones<\/summary>\n<p><a href=\"http:\/\/www.dr-eza.cl\/wp-content\/uploads\/2025\/09\/GraphicalAbstract_AdalidAlfaro.png\" target=\"_blank\" rel=\"noreferrer noopener\">Graphical Abstract<\/a><\/p>\n<\/details>\n<\/div>\n<\/div><\/div>\n\n\n\n<hr class=\"wp-block-separator aligncenter has-alpha-channel-opacity\"\/>\n\n\n\n<div class=\"wp-block-media-text is-stacked-on-mobile\" style=\"grid-template-columns:15% auto\"><figure class=\"wp-block-media-text__media\"><img loading=\"lazy\" decoding=\"async\" width=\"197\" height=\"202\" src=\"http:\/\/www.dr-eza.cl\/wp-content\/uploads\/2025\/07\/luis_velarde.png\" alt=\"\" class=\"wp-image-56 size-full\"\/><\/figure><div class=\"wp-block-media-text__content\">\n<p><strong>Dr(c) Luis Fernando Velarde Simonini<\/strong><br>Mayor grado obtenido: <strong>Licenciado en Ingenier\u00eda Agron\u00f3mica<\/strong><br>Universidad: <strong>Universidad Mayor de San Andr\u00e9s<\/strong><br>Proyecto de tesis: <strong>Variaci\u00f3ne integraci\u00f3n de rasgos funcionales del ensamble de cactaceas a lo largo del gradientede aridez en el desierto costero de Atacamaocesos ecol\u00f3gicos que regulan el ensamblaje de comunidades microbianas en la cuenca del r\u00edo Elqui, Chile<\/strong><br>Tutores: <strong>Rodrigo S. Rios<\/strong><\/p>\n\n\n\n<div class=\"wp-block-group is-nowrap is-layout-flex wp-container-core-group-is-layout-6c531013 wp-block-group-is-layout-flex\">\n<figure class=\"wp-block-image size-full\"><img loading=\"lazy\" decoding=\"async\" width=\"40\" height=\"51\" src=\"http:\/\/www.dr-eza.cl\/wp-content\/uploads\/2025\/08\/papers02.png\" alt=\"\" class=\"wp-image-247\"\/><\/figure>\n\n\n\n<details class=\"wp-block-details is-layout-flow wp-block-details-is-layout-flow\"><summary>Publicaciones<\/summary>\n<p><\/p>\n<\/details>\n<\/div>\n<\/div><\/div>\n\n\n\n<hr class=\"wp-block-separator aligncenter has-alpha-channel-opacity\"\/>\n\n\n\n<div class=\"wp-block-media-text is-stacked-on-mobile\" style=\"grid-template-columns:15% auto\"><figure class=\"wp-block-media-text__media\"><img loading=\"lazy\" decoding=\"async\" width=\"197\" height=\"202\" src=\"http:\/\/www.dr-eza.cl\/wp-content\/uploads\/2025\/07\/tatiana_caldera.png\" alt=\"\" class=\"wp-image-61 size-full\"\/><\/figure><div class=\"wp-block-media-text__content\">\n<p><strong>Dra(c) Tatiana Caldera Andara<\/strong><br>Mayor grado obtenido: <strong>Mag\u00edster&nbsp;en Ciencias Biol\u00f3gicas<\/strong><br>Universidad: <strong>Universidad Sim\u00f3n Bol\u00edvar<\/strong><br>Proyecto de tesis: <strong>Patrones, procesos y consecuencias gen\u00e9tico poblacionales de la din\u00e1mica poblacionalde micromam\u00edferos del Parque Nacional Fray Jorge<\/strong><br>Tutores: <strong>Nicolas Gouin y Mar\u00eda Alejandra Troncoso<\/strong><\/p>\n\n\n\n<div class=\"wp-block-group is-nowrap is-layout-flex wp-container-core-group-is-layout-6c531013 wp-block-group-is-layout-flex\">\n<figure class=\"wp-block-image size-full\"><a href=\"http:\/\/www.dr-eza.cl\/wp-content\/uploads\/2025\/09\/GraphicalAbstract_TatianaCaldera.pdf\" target=\"_blank\" rel=\" noreferrer noopener\"><img loading=\"lazy\" decoding=\"async\" width=\"121\" height=\"53\" src=\"http:\/\/www.dr-eza.cl\/wp-content\/uploads\/2025\/09\/GraphicalAbstract_TatianaCaldera_mini.jpg\" alt=\"\" class=\"wp-image-349\"\/><\/a><\/figure>\n\n\n\n<details class=\"wp-block-details is-layout-flow wp-block-details-is-layout-flow\"><summary>Publicaciones<\/summary>\n<p><a href=\"http:\/\/www.dr-eza.cl\/wp-content\/uploads\/2025\/09\/GraphicalAbstract_TatianaCaldera.pdf\" target=\"_blank\" rel=\"noreferrer noopener\">Graphical Abstract<\/a><\/p>\n<\/details>\n<\/div>\n<\/div><\/div>\n\n\n\n<hr class=\"wp-block-separator aligncenter has-alpha-channel-opacity\"\/>\n\n\n\n<div class=\"wp-block-media-text is-stacked-on-mobile\" style=\"grid-template-columns:15% auto\"><figure class=\"wp-block-media-text__media\"><img loading=\"lazy\" decoding=\"async\" width=\"197\" height=\"202\" src=\"http:\/\/www.dr-eza.cl\/wp-content\/uploads\/2025\/07\/daniel_pinones.fw_.png\" alt=\"\" class=\"wp-image-54 size-full\"\/><\/figure><div class=\"wp-block-media-text__content\">\n<p><strong>Dr(c) Daniel Pi\u00f1ones<\/strong><br>Mayor grado obtenido: <strong>Mag\u00edster en Ciencias Biol\u00f3gicas, menci\u00f3n Ecolog\u00eda de Zonas \u00c1ridas<\/strong><br>Universidad: <strong>Universidad&nbsp;de La Serena<\/strong><br>Proyecto de tesis: <strong>Impactos ecol\u00f3gicos de la aridez sobre las interacciones planta-polinizador en el desierto costero de Atacama<\/strong><br>Tutores: <strong>Ernesto Gianoli<\/strong><\/p>\n\n\n\n<div class=\"wp-block-group is-nowrap is-layout-flex wp-container-core-group-is-layout-6c531013 wp-block-group-is-layout-flex\">\n<figure class=\"wp-block-image size-full\"><img loading=\"lazy\" decoding=\"async\" width=\"40\" height=\"51\" src=\"http:\/\/www.dr-eza.cl\/wp-content\/uploads\/2025\/08\/papers02.png\" alt=\"\" class=\"wp-image-247\"\/><\/figure>\n\n\n\n<details class=\"wp-block-details is-layout-flow wp-block-details-is-layout-flow\"><summary>Publicaciones<\/summary>\n<p><strong>Pi\u00f1ones-Tapia D<\/strong>, Guerra PC, Touret A, Guti\u00e9rrez GO, Pizzaro-Araya J, Gianoli E (2025) Effects of water availability on floral traits and pollinators in a columnar cactus endemic to the Atacama Desert, Chile.&nbsp;Journal of Plant Research.&nbsp;<a href=\"https:\/\/doi.org\/10.1007\/s10265-025-01655-3\" target=\"_blank\" rel=\"noreferrer noopener\">https:\/\/doi.org\/10.1007\/s10265-025-01655-3<\/a><\/p>\n<\/details>\n<\/div>\n<\/div><\/div>\n\n\n\n<hr class=\"wp-block-separator aligncenter has-alpha-channel-opacity\"\/>\n\n\n\n<div class=\"wp-block-media-text is-stacked-on-mobile\" style=\"grid-template-columns:15% auto\"><figure class=\"wp-block-media-text__media\"><img loading=\"lazy\" decoding=\"async\" width=\"197\" height=\"202\" src=\"http:\/\/www.dr-eza.cl\/wp-content\/uploads\/2025\/07\/c_luna-01.png\" alt=\"\" class=\"wp-image-220 size-full\"\/><\/figure><div class=\"wp-block-media-text__content\">\n<p><strong>Dra(c) Claudia Luna<\/strong><br>Mayor grado obtenido: <strong>Mag\u00edster en Ciencias Biol\u00f3gicas, menci\u00f3n Ecolog\u00eda de Zonas \u00c1ridas<\/strong><br>Universidad: <strong>Universidad de La Serena<\/strong><br>Proyecto de tesis: <strong>Efecto de la perturbaci\u00f3n del h\u00e1bitat sobre interacciones mutualistas planta-frug\u00edvoro en el bosque escl\u00e9rofilo de Chile Central: una perspectiva de estructura de redes y funci\u00f3n ecosist\u00e9matica<\/strong><br>Tutores: <strong>Andrea Loayza<\/strong><\/p>\n\n\n\n<div class=\"wp-block-group is-nowrap is-layout-flex wp-container-core-group-is-layout-6c531013 wp-block-group-is-layout-flex\">\n<figure class=\"wp-block-image size-full\"><img loading=\"lazy\" decoding=\"async\" width=\"40\" height=\"51\" src=\"http:\/\/www.dr-eza.cl\/wp-content\/uploads\/2025\/08\/papers02.png\" alt=\"\" class=\"wp-image-247\"\/><\/figure>\n\n\n\n<details class=\"wp-block-details is-layout-flow wp-block-details-is-layout-flow\"><summary>Publicaciones<\/summary>\n<p><\/p>\n<\/details>\n<\/div>\n<\/div><\/div>\n\n\n\n<hr class=\"wp-block-separator aligncenter has-alpha-channel-opacity\"\/>\n\n\n\n<p><\/p>\n","protected":false},"excerpt":{"rendered":"","protected":false},"author":1,"featured_media":0,"parent":0,"menu_order":0,"comment_status":"closed","ping_status":"closed","template":"","meta":{"colormag_page_layout":"default_layout","footnotes":""},"class_list":["post-136","page","type-page","status-publish","hentry"],"_links":{"self":[{"href":"http:\/\/www.dr-eza.cl\/index.php?rest_route=\/wp\/v2\/pages\/136","targetHints":{"allow":["GET"]}}],"collection":[{"href":"http:\/\/www.dr-eza.cl\/index.php?rest_route=\/wp\/v2\/pages"}],"about":[{"href":"http:\/\/www.dr-eza.cl\/index.php?rest_route=\/wp\/v2\/types\/page"}],"author":[{"embeddable":true,"href":"http:\/\/www.dr-eza.cl\/index.php?rest_route=\/wp\/v2\/users\/1"}],"replies":[{"embeddable":true,"href":"http:\/\/www.dr-eza.cl\/index.php?rest_route=%2Fwp%2Fv2%2Fcomments&post=136"}],"version-history":[{"count":36,"href":"http:\/\/www.dr-eza.cl\/index.php?rest_route=\/wp\/v2\/pages\/136\/revisions"}],"predecessor-version":[{"id":383,"href":"http:\/\/www.dr-eza.cl\/index.php?rest_route=\/wp\/v2\/pages\/136\/revisions\/383"}],"wp:attachment":[{"href":"http:\/\/www.dr-eza.cl\/index.php?rest_route=%2Fwp%2Fv2%2Fmedia&parent=136"}],"curies":[{"name":"wp","href":"https:\/\/api.w.org\/{rel}","templated":true}]}}