{"id":163,"date":"2025-07-08T22:48:33","date_gmt":"2025-07-09T01:48:33","guid":{"rendered":"http:\/\/www.dr-eza.cl\/?page_id=163"},"modified":"2025-09-01T14:44:01","modified_gmt":"2025-09-01T17:44:01","slug":"cursos","status":"publish","type":"page","link":"http:\/\/www.dr-eza.cl\/?page_id=163","title":{"rendered":"Cursos"},"content":{"rendered":"\n<p><\/p>\n\n\n\n<h2 class=\"wp-block-heading\">CURSOS OBLIGATORIOS<\/h2>\n\n\n\n<details class=\"wp-block-details is-layout-flow wp-block-details-is-layout-flow\"><summary>Curso: Ecolog\u00eda Molecular<\/summary>\n<p><\/p>\n\n\n\n<figure class=\"wp-block-table\"><table class=\"has-fixed-layout\"><tbody><tr><td>Curso<\/td><td><strong>Ecolog\u00eda Molecular<\/strong><\/td><\/tr><tr><td>Objetivo General &nbsp;<\/td><td>Comprender los procesos ecol\u00f3gicos y evolutivos ocurridos a nivel de organismo, especie, poblaci\u00f3n o comunidad mediante el uso de herramientas moleculares.<\/td><\/tr><tr><td>Contenidos Fundamentales &nbsp;<\/td><td>\u00b7&nbsp;&nbsp;&nbsp;&nbsp; Gen\u00e9tica molecular \u00b7&nbsp;&nbsp;&nbsp;&nbsp; Marcadores moleculares \u00b7&nbsp;&nbsp;&nbsp;&nbsp; An\u00e1lisis gen\u00e9tico de individuos, poblaciones y comunidades, con \u00e9nfasis en ecosistemas \u00e1ridos \u00b7&nbsp;&nbsp;&nbsp;&nbsp; Filogeograf\u00eda \u00b7&nbsp;&nbsp;&nbsp;&nbsp; Gen\u00e9tica de la conservaci\u00f3n \u00b7&nbsp;&nbsp;&nbsp;&nbsp; Aplicaciones de la ecolog\u00eda molecular<\/td><\/tr><\/tbody><\/table><\/figure>\n<\/details>\n\n\n\n<p><\/p>\n\n\n\n<details class=\"wp-block-details is-layout-flow wp-block-details-is-layout-flow\"><summary>Curso: Ecolog\u00eda Funcional<\/summary>\n<p><\/p>\n\n\n\n<figure class=\"wp-block-table\"><table class=\"has-fixed-layout\"><tbody><tr><td>Curso<\/td><td><strong>Ecolog\u00eda Funcional<\/strong><\/td><\/tr><tr><td>Objetivo General &nbsp;<\/td><td>Comprender los mecanismos y procesos que permiten a los organismos de ecosistemas \u00e1ridos ajustarse a su medio, respondiendo a la presi\u00f3n de factores bi\u00f3ticos y abi\u00f3ticos.<\/td><\/tr><tr><td>Contenidos Fundamentales &nbsp;<\/td><td>\u00b7&nbsp;&nbsp;&nbsp;&nbsp; Plasticidad fenot\u00edpica \u00b7&nbsp;&nbsp;&nbsp;&nbsp; Atributos de historia de vida \u00b7&nbsp;&nbsp;&nbsp;&nbsp; Ecolog\u00eda conductual \u00b7&nbsp;&nbsp;&nbsp;&nbsp; Competencia \u00b7&nbsp;&nbsp;&nbsp;&nbsp; Herbivor\u00eda y depredaci\u00f3n \u00b7&nbsp;&nbsp;&nbsp;&nbsp; Polinizaci\u00f3n y dispersi\u00f3n \u00b7&nbsp;&nbsp;&nbsp;&nbsp; Distribuci\u00f3n de especies \u00b7&nbsp;&nbsp;&nbsp;&nbsp; Adaptaciones a ambientes \u00e1ridos<\/td><\/tr><\/tbody><\/table><\/figure>\n<\/details>\n\n\n\n<p><\/p>\n\n\n\n<details class=\"wp-block-details is-layout-flow wp-block-details-is-layout-flow\"><summary>Curso: Ecolog\u00eda de Poblaciones<\/summary>\n<p><\/p>\n\n\n\n<figure class=\"wp-block-table\"><table class=\"has-fixed-layout\"><tbody><tr><td>Curso<\/td><td><strong>Ecolog\u00eda de Poblaciones<\/strong><\/td><\/tr><tr><td>Objetivo General &nbsp;<\/td><td>Comprender los mecanismos que regulan la abundancia, distribuci\u00f3n y demograf\u00eda de las poblaciones en ecosistemas \u00e1ridos.<\/td><\/tr><tr><td>Contenidos Fundamentales &nbsp;<\/td><td>\u00b7&nbsp;&nbsp;&nbsp;&nbsp; Crecimiento exponencial \u00b7&nbsp;&nbsp;&nbsp;&nbsp; Crecimiento log\u00edstico \u00b7&nbsp;&nbsp;&nbsp;&nbsp; Crecimiento de poblaciones estructuradas por edad \u00b7&nbsp;&nbsp;&nbsp;&nbsp; Historia de vida \u00b7&nbsp;&nbsp;&nbsp;&nbsp; Din\u00e1micas de metapoblaciones \u00b7&nbsp;&nbsp;&nbsp;&nbsp; Competencia \u00b7&nbsp;&nbsp;&nbsp;&nbsp; Depredaci\u00f3n<\/td><\/tr><\/tbody><\/table><\/figure>\n<\/details>\n\n\n\n<p><\/p>\n\n\n\n<details class=\"wp-block-details is-layout-flow wp-block-details-is-layout-flow\"><summary>Curso: Ecolog\u00eda de Comunidades<\/summary>\n<p><\/p>\n\n\n\n<figure class=\"wp-block-table\"><table class=\"has-fixed-layout\"><tbody><tr><td>Curso<\/td><td><strong>Ecolog\u00eda de Comunidades<\/strong><\/td><\/tr><tr><td>Objetivo General &nbsp;<\/td><td>Conocer los procesos y mecanismos que determinan la estructura comunitaria en el tiempo y el espacio, analizando el origen ecol\u00f3gico y mantenimiento temporal de la diversidad de especies y su efecto sobre el funcionamiento de la comunidad, con \u00e9nfasis en ambientes \u00e1ridos.<\/td><\/tr><tr><td>Contenidos Fundamentales &nbsp;<\/td><td>\u00b7&nbsp;&nbsp;&nbsp;&nbsp; Patrones de diversidad biol\u00f3gica \u00b7&nbsp;&nbsp;&nbsp;&nbsp; Biodiversidad y funcionamiento ecosist\u00e9mico \u00b7&nbsp;&nbsp;&nbsp;&nbsp; Interacciones interespec\u00edficas \u00b7&nbsp;&nbsp;&nbsp;&nbsp; Redes tr\u00f3ficas \u00b7&nbsp;&nbsp;&nbsp;&nbsp; Metacomunidades \u00b7&nbsp;&nbsp;&nbsp;&nbsp; Ecolog\u00eda de comunidades evolutiva<\/td><\/tr><\/tbody><\/table><\/figure>\n<\/details>\n\n\n\n<p><\/p>\n\n\n\n<hr class=\"wp-block-separator has-alpha-channel-opacity\"\/>\n\n\n\n<h2 class=\"wp-block-heading\">CURSOS ELECTIVOS<\/h2>\n\n\n\n<details class=\"wp-block-details is-layout-flow wp-block-details-is-layout-flow\"><summary>Curso: Dise\u00f1o Experimental<\/summary>\n<p><\/p>\n\n\n\n<figure class=\"wp-block-table\"><table class=\"has-fixed-layout\"><tbody><tr><td>Curso<\/td><td><strong>Dise\u00f1o Experimental<\/strong><\/td><\/tr><tr><td>Objetivo General &nbsp;<\/td><td>Entregar nociones fundamentales del an\u00e1lisis de datos y dise\u00f1os experimentales com\u00fanmente usados en estudios cient\u00edficos.<\/td><\/tr><tr><td>Contenidos Fundamentales &nbsp;<\/td><td>\u00b7&nbsp;&nbsp;&nbsp;&nbsp; C\u00e1lculo de probabilidades y su uso en la estad\u00edstica. \u00b7&nbsp;&nbsp;&nbsp;&nbsp; Dise\u00f1o experimental: identificar la unidad experimental, los factores de dise\u00f1o y variables de respuesta, y las pruebas estad\u00edsticas para analizar sus datos. \u00b7&nbsp;&nbsp;&nbsp;&nbsp; An\u00e1lisis estad\u00edsticos b\u00e1sicos y complejos utilizados en ecolog\u00eda<\/td><\/tr><\/tbody><\/table><\/figure>\n<\/details>\n\n\n\n<p><\/p>\n\n\n\n<details class=\"wp-block-details is-layout-flow wp-block-details-is-layout-flow\"><summary>Curso: An\u00e1lisis Multivariado de Datos Ecol\u00f3gicos<\/summary>\n<p><\/p>\n\n\n\n<figure class=\"wp-block-table\"><table class=\"has-fixed-layout\"><tbody><tr><td>Curso<\/td><td><strong>An\u00e1lisis Multivariado de Datos Ecol\u00f3gicos<\/strong><\/td><\/tr><tr><td>Objetivo General &nbsp;<\/td><td>Manejar conceptos y metodolog\u00edas actuales del an\u00e1lisis de datos y usar herramientas estad\u00edsticas multivariadas para analizar datos ecol\u00f3gicos, evitando errores de dise\u00f1o y tratamiento.<\/td><\/tr><tr><td>Contenidos Fundamentales &nbsp;<\/td><td>\u00b7&nbsp;&nbsp;&nbsp;&nbsp; Propiedades de los datos ecol\u00f3gicos \u00b7&nbsp;&nbsp;&nbsp;&nbsp; An\u00e1lisis descriptivos de los datos ecol\u00f3gicos \u00b7&nbsp;&nbsp;&nbsp;&nbsp; M\u00e9todos de comparaci\u00f3n de matrices de similitud \u00b7&nbsp;&nbsp;&nbsp;&nbsp; M\u00e9todos de ordenaci\u00f3n can\u00f3nica \u00b7&nbsp;&nbsp;&nbsp;&nbsp; An\u00e1lisis espacial<\/td><\/tr><\/tbody><\/table><\/figure>\n<\/details>\n\n\n\n<p><\/p>\n\n\n\n<details class=\"wp-block-details is-layout-flow wp-block-details-is-layout-flow\"><summary>Curso: Biogeograf\u00eda<\/summary>\n<p><\/p>\n\n\n\n<figure class=\"wp-block-table\"><table class=\"has-fixed-layout\"><tbody><tr><td>Curso<\/td><td><strong>Biogeograf\u00eda<\/strong><\/td><\/tr><tr><td>Objetivo General &nbsp;<\/td><td>Entregar conocimientos fundamentales sobre biogeograf\u00eda de Sudam\u00e9rica y Chile, analizando factores hist\u00f3ricos que caracterizan la actual composici\u00f3n y distribuci\u00f3n de la vegetaci\u00f3n chilena.<\/td><\/tr><tr><td>Contenidos Fundamentales &nbsp;<\/td><td>\u00b7&nbsp;&nbsp;&nbsp;&nbsp; Desarrollo hist\u00f3rico de la disciplina \u00b7&nbsp;&nbsp;&nbsp;&nbsp; Principales formaciones vegetales de Sudam\u00e9rica \u00b7&nbsp;&nbsp;&nbsp;&nbsp; Formaciones vegetales de Chile y sus relaciones flor\u00edsticas \u00b7&nbsp;&nbsp;&nbsp;&nbsp; An\u00e1lisis de los procesos hist\u00f3ricos que llevaron a la actual distribuci\u00f3n de la vegetaci\u00f3n en Chile<\/td><\/tr><\/tbody><\/table><\/figure>\n<\/details>\n\n\n\n<p><\/p>\n\n\n\n<details class=\"wp-block-details is-layout-flow wp-block-details-is-layout-flow\"><summary>Curso: Ecofisiolog\u00eda Vegetal<\/summary>\n<p><\/p>\n\n\n\n<figure class=\"wp-block-table\"><table class=\"has-fixed-layout\"><tbody><tr><td>Curso<\/td><td><strong>Ecofisiolog\u00eda Vegetal<\/strong><\/td><\/tr><tr><td>Objetivo General &nbsp;<\/td><td>Estudiar los mecanismos fisiol\u00f3gicos que subyacen&nbsp; a los procesos ecol\u00f3gicos en plantas.<\/td><\/tr><tr><td>Contenidos Fundamentales &nbsp;<\/td><td>\u00b7&nbsp;&nbsp;&nbsp;&nbsp; Crecimiento, reproducci\u00f3n, sobrevivencia,&nbsp; abundancia y distribuci\u00f3n geogr\u00e1fica de las plantas \u00b7&nbsp;&nbsp;&nbsp;&nbsp; Procesos que afectan las interacciones entre plantas con su ambiente f\u00edsico, qu\u00edmico y bi\u00f3tico \u00b7&nbsp;&nbsp;&nbsp;&nbsp; Factores que determinan la productividad primaria, la fotos\u00edntesis, el balance h\u00eddrico y energ\u00e9tico con \u00e9nfasis en plantas de ecosistemas \u00e1ridos<\/td><\/tr><\/tbody><\/table><\/figure>\n<\/details>\n\n\n\n<p><\/p>\n\n\n\n<details class=\"wp-block-details is-layout-flow wp-block-details-is-layout-flow\"><summary>Curso: Ecolog\u00eda del Paisaje<\/summary>\n<p><\/p>\n\n\n\n<figure class=\"wp-block-table\"><table class=\"has-fixed-layout\"><tbody><tr><td>Curso<\/td><td><strong>Ecolog\u00eda del Paisaje<\/strong><\/td><\/tr><tr><td>Objetivo General &nbsp;<\/td><td>Conocer la relaci\u00f3n que existe entre los patrones y procesos espaciales en un contexto ecol\u00f3gico a trav\u00e9s de la comprensi\u00f3n de los elementos del paisaje.<\/td><\/tr><tr><td>Contenidos Fundamentales &nbsp;<\/td><td>\u00b7&nbsp;&nbsp;&nbsp;&nbsp; Detectar y caracterizar patrones del paisaje \u00b7&nbsp;&nbsp;&nbsp;&nbsp; Mecanismos responsables de los patrones del paisaje \u00b7&nbsp;&nbsp;&nbsp;&nbsp; Din\u00e1mica del paisaje \u00b7&nbsp;&nbsp;&nbsp;&nbsp; Implicaciones biol\u00f3gicas de los patrones del paisaje \u00b7&nbsp;&nbsp;&nbsp;&nbsp; Manejo del paisaje<\/td><\/tr><\/tbody><\/table><\/figure>\n<\/details>\n\n\n\n<p><\/p>\n\n\n\n<details class=\"wp-block-details is-layout-flow wp-block-details-is-layout-flow\"><summary>Curso: Ecolog\u00eda Evolutiva<\/summary>\n<p><\/p>\n\n\n\n<figure class=\"wp-block-table\"><table class=\"has-fixed-layout\"><tbody><tr><td>Curso<\/td><td><strong>Ecolog\u00eda Evolutiva<\/strong><\/td><\/tr><tr><td>Objetivo General &nbsp;<\/td><td>Comprender los mecanismos y procesos que subyacen a la evoluci\u00f3n biol\u00f3gica en las poblaciones y a los patrones evolutivos hist\u00f3ricos de las especies y linajes.<\/td><\/tr><tr><td>Contenidos Fundamentales &nbsp;<\/td><td>\u00b7&nbsp;&nbsp;&nbsp;&nbsp; Adaptaci\u00f3n \u00b7&nbsp;&nbsp;&nbsp;&nbsp; Evoluci\u00f3n por selecci\u00f3n natural \u00b7&nbsp;&nbsp;&nbsp;&nbsp; Variaci\u00f3n poblacional \u00b7&nbsp;&nbsp;&nbsp;&nbsp; Especiaci\u00f3n \u00b7&nbsp;&nbsp;&nbsp;&nbsp; Macroevoluci\u00f3n \u00b7&nbsp;&nbsp;&nbsp;&nbsp; Coevoluci\u00f3n<\/td><\/tr><\/tbody><\/table><\/figure>\n<\/details>\n\n\n\n<p><\/p>\n\n\n\n<details class=\"wp-block-details is-layout-flow wp-block-details-is-layout-flow\"><summary>Curso: Paleoecolog\u00eda<\/summary>\n<p><\/p>\n\n\n\n<figure class=\"wp-block-table\"><table class=\"has-fixed-layout\"><tbody><tr><td>Curso<\/td><td><strong>Paleoecolog\u00eda<\/strong><\/td><\/tr><tr><td>Objetivo General &nbsp;<\/td><td>Conocer los principales cambios ambientales ocurridos durante el Cuaternario a lo largo de Chile, sus causas, patrones y consecuencias en la biota.<\/td><\/tr><tr><td>Contenidos Fundamentales &nbsp;<\/td><td>\u00b7&nbsp;&nbsp;&nbsp;&nbsp; Escalas temporales en paleoecolog\u00eda \u00b7&nbsp;&nbsp;&nbsp;&nbsp; Mecanismos de cambio clim\u00e1tico \u00b7&nbsp;&nbsp;&nbsp;&nbsp; M\u00e9todos en paleoecolog\u00eda y paleoclimatolog\u00eda \u00b7&nbsp;&nbsp;&nbsp;&nbsp; Evoluci\u00f3n geogr\u00e1fica de Chile \u00b7&nbsp;&nbsp;&nbsp;&nbsp; Fitogeograf\u00eda de Chile \u00b7&nbsp;&nbsp;&nbsp;&nbsp; Paleoecolog\u00eda y cambio clim\u00e1tico en Chile \u00b7&nbsp;&nbsp;&nbsp;&nbsp; El Hombre como parte del paisaje en el pasado \u00b7&nbsp;&nbsp;&nbsp;&nbsp; Paleoecolog\u00eda y zonas \u00e1ridas<\/td><\/tr><\/tbody><\/table><\/figure>\n<\/details>\n\n\n\n<p><\/p>\n\n\n\n<details class=\"wp-block-details is-layout-flow wp-block-details-is-layout-flow\"><summary>Curso: Biolog\u00eda de la Conservaci\u00f3n<\/summary>\n<p><\/p>\n\n\n\n<figure class=\"wp-block-table\"><table class=\"has-fixed-layout\"><tbody><tr><td>Curso<\/td><td><strong>Biolog\u00eda de la Conservaci\u00f3n<\/strong><\/td><\/tr><tr><td>Objetivo General &nbsp;<\/td><td>Analizar los principios modernos de la Socioecolog\u00eda y Biolog\u00eda de la Conservaci\u00f3n en vistas a la planificaci\u00f3n ambiental hacia un desarrollo sostenible<\/td><\/tr><tr><td>Contenidos Fundamentales &nbsp;<\/td><td>\u00b7&nbsp;&nbsp;&nbsp;&nbsp; Aspectos biol\u00f3gicos, ecol\u00f3gicos, econ\u00f3micos, sociales e institucionales asociados a la conservaci\u00f3n y uso sostenible de la biodiversidad. \u00b7&nbsp;&nbsp;&nbsp;&nbsp; Normativa e institucionalidad ambiental relacionada a la conservaci\u00f3n de la biodiversidad, marco te\u00f3rico y herramientas para su adecuada planificaci\u00f3n, administraci\u00f3n y regulaci\u00f3n<\/td><\/tr><\/tbody><\/table><\/figure>\n<\/details>\n\n\n\n<p><\/p>\n\n\n\n<details class=\"wp-block-details is-layout-flow wp-block-details-is-layout-flow\"><summary>Curso: Respuestas fisiol\u00f3gicas y moleculares de las plantas al estr\u00e9s abi\u00f3tico<\/summary>\n<p><\/p>\n\n\n\n<figure class=\"wp-block-table\"><table class=\"has-fixed-layout\"><tbody><tr><td><br>Curso<\/td><td><strong>Respuestas fisiol\u00f3gicas y moleculares de las plantas al estr\u00e9s abi\u00f3tico<\/strong><\/td><\/tr><tr><td>Objetivo General &nbsp;<\/td><td>Comprender c\u00f3mo las se\u00f1ales qu\u00edmico-moleculares asociadas a los estreses por salinidad, sequ\u00eda, fr\u00edo, deficiencia nutricional, metales pesados y alta radiaci\u00f3n solar son percibidas y transcritas al interior de la c\u00e9lula vegetal para gatillar las respuestas fisiol\u00f3gicas, bioqu\u00edmicas y moleculares que permiten a las plantas resistir, tolerar o evadir condiciones abi\u00f3ticas estresantes<\/td><\/tr><tr><td>Contenidos Fundamentales &nbsp;<\/td><td>\u00b7&nbsp;&nbsp;&nbsp;&nbsp; Estr\u00e9s abi\u00f3tico en plantas \u00b7&nbsp;&nbsp;&nbsp;&nbsp; Percepci\u00f3n del estr\u00e9s y transducci\u00f3n de la se\u00f1al \u00b7&nbsp;&nbsp;&nbsp;&nbsp; Regulaci\u00f3n de la expresi\u00f3n g\u00e9nica del estr\u00e9s \u00b7&nbsp;&nbsp;&nbsp;&nbsp; Respuestas fisiol\u00f3gicas frente al estr\u00e9s \u00b7&nbsp;&nbsp;&nbsp;&nbsp; Metabolismo del estr\u00e9s<\/td><\/tr><\/tbody><\/table><\/figure>\n<\/details>\n\n\n\n<p><\/p>\n\n\n\n<details class=\"wp-block-details is-layout-flow wp-block-details-is-layout-flow\"><summary>Curso: Uso de flora nativa con fines ornamentales, medicinales y alimentarios<\/summary>\n<p><\/p>\n\n\n\n<figure class=\"wp-block-table\"><table class=\"has-fixed-layout\"><tbody><tr><td>Curso<\/td><td><strong>Uso de flora nativa con fines ornamentales, medicinales y alimentarios<\/strong><\/td><\/tr><tr><td>Objetivo General &nbsp;<\/td><td>Valorar y ense\u00f1ar el uso sustentable de flora nativa con potencial de uso como ornamental, medicinal o alimentario<\/td><\/tr><tr><td>Contenidos Fundamentales &nbsp;<\/td><td>\u00b7&nbsp;&nbsp;&nbsp;&nbsp; Flora nativa de Chile \u00b7&nbsp;&nbsp;&nbsp;&nbsp; Flora nativa con potencial de uso ornamental \u00b7&nbsp;&nbsp;&nbsp;&nbsp; Flora nativa con potencial de uso medicinal \u00b7&nbsp;&nbsp;&nbsp;&nbsp; Flora nativa con potencial de uso alimentario \u00b7&nbsp;&nbsp;&nbsp;&nbsp; T\u00e9cnicas de propagaci\u00f3n vegetal \u00b7&nbsp;&nbsp;&nbsp;&nbsp; T\u00e9cnicas de an\u00e1lisis fitoqu\u00edmico<\/td><\/tr><\/tbody><\/table><\/figure>\n<\/details>\n\n\n\n<p><\/p>\n\n\n\n<details class=\"wp-block-details is-layout-flow wp-block-details-is-layout-flow\"><summary>Curso: Patrones Evolutivos en Escala Geol\u00f3gica<\/summary>\n<p><\/p>\n\n\n\n<figure class=\"wp-block-table\"><table class=\"has-fixed-layout\"><tbody><tr><td>Curso<\/td><td><strong>Patrones Evolutivos en Escala Geol\u00f3gica<\/strong><\/td><\/tr><tr><td>Objetivo General &nbsp;<\/td><td>Lograr que los estudiantes conozcan y sean capaces de enmarcar los procesos evolutivos en la historia geol\u00f3gica de la Tierra, particularmente en las zonas \u00e1ridas del planeta y en particular de Sudam\u00e9rica.<\/td><\/tr><tr><td>Contenidos Fundamentales &nbsp;<\/td><td>a. Patrones de evoluci\u00f3n&nbsp; &nbsp; &nbsp; &nbsp; &nbsp;-Nociones de macroevoluci\u00f3n&nbsp; &nbsp; &nbsp; &nbsp; &nbsp;-Te\u00f3rias de evoluci\u00f3n org\u00e1nica&nbsp; &nbsp; &nbsp; &nbsp; &nbsp;-Relaciones filogeneticasb. Fundamentos geol\u00f3gicos&nbsp; &nbsp; &nbsp; &nbsp; &nbsp;\u2013 El tiempo geol\u00f3gico&nbsp; &nbsp; &nbsp; &nbsp; &nbsp;\u2013 Origen de la Tierra y de la vida&nbsp; &nbsp; &nbsp; &nbsp; &nbsp;\u2013 Nociones b\u00e1sicas de tect\u00f3nica de placasc. Evidencias de evoluci\u00f3n en el registro f\u00f3sil&nbsp; &nbsp; &nbsp; &nbsp; &nbsp;\u2013 Ambientes y organismos desde el proterozoico hasta el Cuaternariod. Patrones geogr\u00e1ficos de zonas \u00e1ridas y evoluci\u00f3n&nbsp; &nbsp; &nbsp; &nbsp; &nbsp;\u2013 Patrones y causas de la distribuci\u00f3n de zonas \u00e1ridas a escala global&nbsp; &nbsp; &nbsp; &nbsp; &nbsp;\u2013 Diagonal \u00c1rida Sudamericana: origen, din\u00e1mica pasada y presente&nbsp; &nbsp; &nbsp; &nbsp; &nbsp;\u2013 Ambientes \u00e1ridos modernos<\/td><\/tr><\/tbody><\/table><\/figure>\n<\/details>\n\n\n\n<p><\/p>\n\n\n\n<details class=\"wp-block-details is-layout-flow wp-block-details-is-layout-flow\"><summary>Curso: Patrones Climatolog\u00eda Ecol\u00f3gica<\/summary>\n<p><\/p>\n\n\n\n<figure class=\"wp-block-table\"><table class=\"has-fixed-layout\"><tbody><tr><td>Curso<\/td><td><strong>Climatolog\u00eda Ecol\u00f3gica<\/strong><\/td><\/tr><tr><td>Objetivo General &nbsp;<\/td><td>Comprender los conceptos b\u00e1sicos de procesos ecosist\u00e9micos en ambientes \u00e1ridos, tomando una perspectiva de la biogeograf\u00eda global y de las interacciones y retroalimentaci\u00f3n entre la vegetaci\u00f3n y el sistema clim\u00e1tico.<\/td><\/tr><tr><td>Contenidos Fundamentales &nbsp;<\/td><td>\u00b7     Circulaci\u00f3n general atmosf\u00e9rica y clima \u00b7     Los climas con enfoque en sistemas \u00e1ridos \u00b7     Variabilidad y cambio clim\u00e1tico \u00b7     Hidrometeorolog\u00eda y balance del agua \u00b7     Flujos de energ\u00eda superficial \u00b7     Clima biogeof\u00edsico<\/td><\/tr><\/tbody><\/table><\/table><\/figure>\n<\/details>\n\n\n\n<p><\/p>\n\n\n\n<ul class=\"wp-block-list\">\n<li>Curso: Flora Nativa: Usos ornamentales, medicinales y alimentos<\/li>\n\n\n\n<li>Curso: Macroecolog\u00eda<\/li>\n\n\n\n<li>Curso: Conceptos Fundamentales en Ecolog\u00eda<\/li>\n\n\n\n<li>Curso: Redacci\u00f3n Cient\u00edfica<\/li>\n\n\n\n<li>Curso: Lecturas Cr\u00edticas en Ecolog\u00eda Evolutiva<\/li>\n\n\n\n<li>Curso: Climatolog\u00eda Ecol\u00f3gica<\/li>\n\n\n\n<li>Curso: Ecosistemas \u00c1ridos<\/li>\n\n\n\n<li>Curso: Evoluci\u00f3n y M\u00e9todo Comparativo Filogen\u00e9tico<\/li>\n\n\n\n<li>Curso: Ecolog\u00eda Microbiana<\/li>\n<\/ul>\n","protected":false},"excerpt":{"rendered":"<p>CURSOS OBLIGATORIOS CURSOS ELECTIVOS<\/p>\n","protected":false},"author":1,"featured_media":0,"parent":0,"menu_order":0,"comment_status":"closed","ping_status":"closed","template":"","meta":{"colormag_page_layout":"default_layout","footnotes":""},"class_list":["post-163","page","type-page","status-publish","hentry"],"_links":{"self":[{"href":"http:\/\/www.dr-eza.cl\/index.php?rest_route=\/wp\/v2\/pages\/163","targetHints":{"allow":["GET"]}}],"collection":[{"href":"http:\/\/www.dr-eza.cl\/index.php?rest_route=\/wp\/v2\/pages"}],"about":[{"href":"http:\/\/www.dr-eza.cl\/index.php?rest_route=\/wp\/v2\/types\/page"}],"author":[{"embeddable":true,"href":"http:\/\/www.dr-eza.cl\/index.php?rest_route=\/wp\/v2\/users\/1"}],"replies":[{"embeddable":true,"href":"http:\/\/www.dr-eza.cl\/index.php?rest_route=%2Fwp%2Fv2%2Fcomments&post=163"}],"version-history":[{"count":16,"href":"http:\/\/www.dr-eza.cl\/index.php?rest_route=\/wp\/v2\/pages\/163\/revisions"}],"predecessor-version":[{"id":259,"href":"http:\/\/www.dr-eza.cl\/index.php?rest_route=\/wp\/v2\/pages\/163\/revisions\/259"}],"wp:attachment":[{"href":"http:\/\/www.dr-eza.cl\/index.php?rest_route=%2Fwp%2Fv2%2Fmedia&parent=163"}],"curies":[{"name":"wp","href":"https:\/\/api.w.org\/{rel}","templated":true}]}}