{"id":97,"date":"2025-07-07T18:09:26","date_gmt":"2025-07-07T21:09:26","guid":{"rendered":"http:\/\/www.dr-eza.cl\/?page_id=97"},"modified":"2025-09-22T13:40:52","modified_gmt":"2025-09-22T16:40:52","slug":"profesores","status":"publish","type":"page","link":"http:\/\/www.dr-eza.cl\/?page_id=97","title":{"rendered":"Profesores"},"content":{"rendered":"\n<h2 class=\"wp-block-heading\">Claustro de Profesores Directores de Tesis<\/h2>\n\n\n\n<div class=\"wp-block-media-text is-stacked-on-mobile\" style=\"grid-template-columns:15% auto\"><figure class=\"wp-block-media-text__media\"><img loading=\"lazy\" decoding=\"async\" width=\"197\" height=\"202\" src=\"http:\/\/www.dr-eza.cl\/wp-content\/uploads\/2025\/07\/a_bertin01.fw_.png\" alt=\"\" class=\"wp-image-69 size-full\"\/><\/figure><div class=\"wp-block-media-text__content\">\n<p>Ang\u00e9line Bertin <br>Ecolog\u00eda de comunidades, Ecolog\u00eda y Gen\u00e9tica del paisaje, Biolog\u00eda de la conservaci\u00f3n<br>abertin@userena.cl<\/p>\n<\/div><\/div>\n\n\n\n<div class=\"wp-block-media-text is-stacked-on-mobile\" style=\"grid-template-columns:15% auto\"><figure class=\"wp-block-media-text__media\"><img loading=\"lazy\" decoding=\"async\" width=\"200\" height=\"202\" src=\"http:\/\/www.dr-eza.cl\/wp-content\/uploads\/2025\/07\/l_castillo.png\" alt=\"\" class=\"wp-image-213 size-full\"\/><\/figure><div class=\"wp-block-media-text__content\">\n<p>Luis Castillo<br>Microbiolog\u00eda, Gen\u00e9tica molecular de hongos pat\u00f3genos de plantas<br>@userena.cl<\/p>\n<\/div><\/div>\n\n\n\n<div class=\"wp-block-media-text is-stacked-on-mobile\" style=\"grid-template-columns:15% auto\"><figure class=\"wp-block-media-text__media\"><img loading=\"lazy\" decoding=\"async\" width=\"197\" height=\"202\" src=\"http:\/\/www.dr-eza.cl\/wp-content\/uploads\/2025\/07\/m_garrido-1.png\" alt=\"\" class=\"wp-image-209 size-full\"\/><\/figure><div class=\"wp-block-media-text__content\">\n<p>Marco Garrido<br>Ecofisiolog\u00eda vegetal, Interacci\u00f3n suelo-planta-atm\u00f3sfera<br>marco.garrido@userena.cl<\/p>\n<\/div><\/div>\n\n\n\n<div class=\"wp-block-media-text is-stacked-on-mobile\" style=\"grid-template-columns:15% auto\"><figure class=\"wp-block-media-text__media\"><img loading=\"lazy\" decoding=\"async\" width=\"197\" height=\"202\" src=\"http:\/\/www.dr-eza.cl\/wp-content\/uploads\/2025\/09\/m_gonzalez-01.png\" alt=\"\" class=\"wp-image-320 size-full\"\/><\/figure><div class=\"wp-block-media-text__content\">\n<p>M\u00e1ximo Gonz\u00e1lez<br>Gen\u00e9tica y Fisiolog\u00eda vegetal, Interacci\u00f3n planta-microorganismos, Bioinform\u00e1tica<br>maximo.gonzalez@ceaza.cl<\/p>\n<\/div><\/div>\n\n\n\n<div class=\"wp-block-media-text is-stacked-on-mobile\" style=\"grid-template-columns:15% auto\"><figure class=\"wp-block-media-text__media\"><img loading=\"lazy\" decoding=\"async\" width=\"197\" height=\"202\" src=\"http:\/\/www.dr-eza.cl\/wp-content\/uploads\/2025\/07\/n_gouin.fw_.png\" alt=\"\" class=\"wp-image-90 size-full\"\/><\/figure><div class=\"wp-block-media-text__content\">\n<p>Nicolas Gouin<br>Ecolog\u00eda molecular, Gen\u00e9tica y Gen\u00f3mica poblacional, Gen\u00e9tica de la conservaci\u00f3n, Ecotoxicolog\u00eda evolutiva<br>ngouin@userena.cl<\/p>\n<\/div><\/div>\n\n\n\n<div class=\"wp-block-media-text is-stacked-on-mobile\" style=\"grid-template-columns:15% auto\"><figure class=\"wp-block-media-text__media\"><img loading=\"lazy\" decoding=\"async\" width=\"197\" height=\"202\" src=\"http:\/\/www.dr-eza.cl\/wp-content\/uploads\/2025\/07\/c_ibanez.fw_.png\" alt=\"\" class=\"wp-image-210 size-full\"\/><\/figure><div class=\"wp-block-media-text__content\">\n<p>Cristian Ib\u00e1\u00f1ez<br>Gen\u00f3mica y biotecnolog\u00eda de plantas, Interacci\u00f3n planta-hongo-bacteria<br>cibanez@userena.cl<\/p>\n<\/div><\/div>\n\n\n\n<div class=\"wp-block-media-text is-stacked-on-mobile\" style=\"grid-template-columns:15% auto\"><figure class=\"wp-block-media-text__media\"><img loading=\"lazy\" decoding=\"async\" width=\"197\" height=\"202\" src=\"http:\/\/www.dr-eza.cl\/wp-content\/uploads\/2025\/09\/a_maldonado-01.png\" alt=\"\" class=\"wp-image-319 size-full\"\/><\/figure><div class=\"wp-block-media-text__content\">\n<p>Antonio Maldonado<br>Paleoecolog\u00eda, Paleoclimatolog\u00eda, Geoarqueolog\u00eda<br>amaldona@userena.cl<\/p>\n<\/div><\/div>\n\n\n\n<div class=\"wp-block-media-text is-stacked-on-mobile\" style=\"grid-template-columns:15% auto\"><figure class=\"wp-block-media-text__media\"><img loading=\"lazy\" decoding=\"async\" width=\"197\" height=\"202\" src=\"http:\/\/www.dr-eza.cl\/wp-content\/uploads\/2025\/07\/r_rios2.fw_-1.png\" alt=\"\" class=\"wp-image-204 size-full\"\/><\/figure><div class=\"wp-block-media-text__content\">\n<p>Rodrigo S. Rios<br>Ecolog\u00eda de Comunidades \/ Ecolog\u00eda Evolutiva<br>srrios@userena.cl<\/p>\n<\/div><\/div>\n\n\n\n<div class=\"wp-block-media-text is-stacked-on-mobile\" style=\"grid-template-columns:15% auto\"><figure class=\"wp-block-media-text__media\"><img loading=\"lazy\" decoding=\"async\" width=\"197\" height=\"202\" src=\"http:\/\/www.dr-eza.cl\/wp-content\/uploads\/2025\/07\/m_rivadeneira-01.png\" alt=\"\" class=\"wp-image-200 size-full\"\/><\/figure><div class=\"wp-block-media-text__content\">\n<p>Marcelo Rivadeneira<br>Macroecolog\u00eda, Biogeograf\u00eda, Conservaci\u00f3n, Ciencia de Datos, Inteligencia Artificial<br>marcelo.rivadeneira@ceaza.cl<\/p>\n<\/div><\/div>\n\n\n\n<div class=\"wp-block-media-text is-stacked-on-mobile\" style=\"grid-template-columns:15% auto\"><figure class=\"wp-block-media-text__media\"><img loading=\"lazy\" decoding=\"async\" width=\"197\" height=\"202\" src=\"http:\/\/www.dr-eza.cl\/wp-content\/uploads\/2025\/07\/f_squeo-01.png\" alt=\"\" class=\"wp-image-199 size-full\"\/><\/figure><div class=\"wp-block-media-text__content\">\n<p>Francisco A. Squeo<br>Ecofisiolog\u00eda vegetal de zonas \u00e1ridas, Biolog\u00eda de la conservaci\u00f3n<br>f_squeo@userena.cl<\/p>\n<\/div><\/div>\n\n\n\n<div class=\"wp-block-media-text is-stacked-on-mobile\" style=\"grid-template-columns:15% auto\"><figure class=\"wp-block-media-text__media\"><img loading=\"lazy\" decoding=\"async\" width=\"197\" height=\"202\" src=\"http:\/\/www.dr-eza.cl\/wp-content\/uploads\/2025\/07\/a_stoll.png\" alt=\"\" class=\"wp-image-73 size-full\"\/><\/figure><div class=\"wp-block-media-text__content\">\n<p>Alexandra Stoll<br>Ecolog\u00eda vegetal y microbiana, Interacci\u00f3n planta-ambiente, Biogeograf\u00eda<br>alexandra.stoll@ceaza.cl<\/p>\n<\/div><\/div>\n\n\n\n<div class=\"wp-block-media-text is-stacked-on-mobile\" style=\"grid-template-columns:15% auto\"><figure class=\"wp-block-media-text__media\"><img loading=\"lazy\" decoding=\"async\" width=\"197\" height=\"202\" src=\"http:\/\/www.dr-eza.cl\/wp-content\/uploads\/2025\/09\/k_stucken.jpg\" alt=\"\" class=\"wp-image-268 size-full\"\/><\/figure><div class=\"wp-block-media-text__content\">\n<p>Karina Stucken<br>Microbiolog\u00eda ecol\u00f3gica \/ Evoluci\u00f3n microbiana<br>kstucken@userena.cl<\/p>\n<\/div><\/div>\n\n\n\n<p><\/p>\n\n\n\n<h2 class=\"wp-block-heading\">Profesores Colaboradores<\/h2>\n\n\n\n<p><\/p>\n\n\n\n<div class=\"wp-block-media-text is-stacked-on-mobile\" style=\"grid-template-columns:15% auto\"><figure class=\"wp-block-media-text__media\"><img loading=\"lazy\" decoding=\"async\" width=\"197\" height=\"202\" src=\"http:\/\/www.dr-eza.cl\/wp-content\/uploads\/2025\/07\/j_avaria-1.png\" alt=\"\" class=\"wp-image-207 size-full\"\/><\/figure><div class=\"wp-block-media-text__content\">\n<p>Jorge Avaria-LLautureo<br>Macroecolog\u00eda Evolutiva<br>jorge.avaria@ceaza.cl<\/p>\n<\/div><\/div>\n\n\n\n<div class=\"wp-block-media-text is-stacked-on-mobile\" style=\"grid-template-columns:15% auto\"><figure class=\"wp-block-media-text__media\"><img loading=\"lazy\" decoding=\"async\" width=\"197\" height=\"202\" src=\"http:\/\/www.dr-eza.cl\/wp-content\/uploads\/2025\/07\/c_delpiano.png\" alt=\"\" class=\"wp-image-77 size-full\"\/><\/figure><div class=\"wp-block-media-text__content\">\n<p>Cristian Delpiano<br>Ecolog\u00eda de comunidades<br>cdelpiano@userena.cl<\/p>\n<\/div><\/div>\n\n\n\n<div class=\"wp-block-media-text is-stacked-on-mobile\" style=\"grid-template-columns:15% auto\"><figure class=\"wp-block-media-text__media\"><img loading=\"lazy\" decoding=\"async\" width=\"197\" height=\"202\" src=\"http:\/\/www.dr-eza.cl\/wp-content\/uploads\/2025\/07\/d_carvajal.png\" alt=\"\" class=\"wp-image-80 size-full\"\/><\/figure><div class=\"wp-block-media-text__content\">\n<p>Danny Carvajal<br>Ecofisiolog\u00eda vegetal y Ecolog\u00eda funcional<br>dcarvajal@userena.cl<\/p>\n<\/div><\/div>\n\n\n\n<div class=\"wp-block-media-text is-stacked-on-mobile\" style=\"grid-template-columns:15% auto\"><figure class=\"wp-block-media-text__media\"><img loading=\"lazy\" decoding=\"async\" width=\"197\" height=\"202\" src=\"http:\/\/www.dr-eza.cl\/wp-content\/uploads\/2025\/07\/p_garcia.png\" alt=\"\" class=\"wp-image-92 size-full\"\/><\/figure><div class=\"wp-block-media-text__content\">\n<p>Patricio Garc\u00eda<br>Ecolog\u00eda de poblaciones<br>pgarcia@userena.cl<\/p>\n<\/div><\/div>\n\n\n\n<div class=\"wp-block-media-text is-stacked-on-mobile\" style=\"grid-template-columns:15% auto\"><figure class=\"wp-block-media-text__media\"><img loading=\"lazy\" decoding=\"async\" width=\"197\" height=\"202\" src=\"http:\/\/www.dr-eza.cl\/wp-content\/uploads\/2025\/07\/e_gianoli.fw_.png\" alt=\"\" class=\"wp-image-206 size-full\"\/><\/figure><div class=\"wp-block-media-text__content\">\n<p>Ernesto Gianoli<br>Ecolog\u00eda funcional y evolutiva de plantas e insectos<br>egianoli@userena.cl<\/p>\n<\/div><\/div>\n\n\n\n<div class=\"wp-block-media-text is-stacked-on-mobile\" style=\"grid-template-columns:15% auto\"><figure class=\"wp-block-media-text__media\"><img loading=\"lazy\" decoding=\"async\" width=\"197\" height=\"202\" src=\"http:\/\/www.dr-eza.cl\/wp-content\/uploads\/2025\/08\/p_guerra-01.png\" alt=\"\" class=\"wp-image-252 size-full\"\/><\/figure><div class=\"wp-block-media-text__content\">\n<p>Patricia Guerra<br>Ecolog\u00eda de insectos, Ecolog\u00eda de interacciones planta-insecto y Adaptaci\u00f3n de cultivos no tradicionales a ambientes \u00e1ridos<br>@userena.cl<\/p>\n<\/div><\/div>\n\n\n\n<div class=\"wp-block-media-text is-stacked-on-mobile\" style=\"grid-template-columns:15% auto\"><figure class=\"wp-block-media-text__media\"><img loading=\"lazy\" decoding=\"async\" width=\"197\" height=\"202\" src=\"http:\/\/www.dr-eza.cl\/wp-content\/uploads\/2025\/07\/a_loayza.fw_.png\" alt=\"\" class=\"wp-image-71 size-full\"\/><\/figure><div class=\"wp-block-media-text__content\">\n<p>Andrea P. Loayza<br>Ecolog\u00eda de Poblaciones \/ Biolog\u00eda de la Conservaci\u00f3n<br>aloayza@userena.cl<\/p>\n<\/div><\/div>\n\n\n\n<div class=\"wp-block-media-text is-stacked-on-mobile\" style=\"grid-template-columns:15% auto\"><figure class=\"wp-block-media-text__media\"><img loading=\"lazy\" decoding=\"async\" width=\"197\" height=\"202\" src=\"http:\/\/www.dr-eza.cl\/wp-content\/uploads\/2025\/09\/e_ostrias.fw_.jpg\" alt=\"\" class=\"wp-image-265 size-full\"\/><\/figure><div class=\"wp-block-media-text__content\">\n<p>Enrique Ostria<br>Fisiolog\u00eda y biolog\u00eda molecular vegetal<br>ostria@udec.cl<\/p>\n<\/div><\/div>\n\n\n\n<div class=\"wp-block-media-text is-stacked-on-mobile\" style=\"grid-template-columns:15% auto\"><figure class=\"wp-block-media-text__media\"><img loading=\"lazy\" decoding=\"async\" width=\"197\" height=\"202\" src=\"http:\/\/www.dr-eza.cl\/wp-content\/uploads\/2025\/09\/d_pincheira.jpg\" alt=\"\" class=\"wp-image-267 size-full\"\/><\/figure><div class=\"wp-block-media-text__content\">\n<p>Daniel Pincheira<br>Ecolog\u00eda Evolutiva \/ Macroecolog\u00eda \/ Ecolog\u00eda de la Conservaci\u00f3n<br>D.Pincheira-Donoso@qub.ac.uk<\/p>\n<\/div><\/div>\n\n\n\n<div class=\"wp-block-media-text is-stacked-on-mobile\" style=\"grid-template-columns:15% auto\"><figure class=\"wp-block-media-text__media\"><img loading=\"lazy\" decoding=\"async\" width=\"197\" height=\"202\" src=\"http:\/\/www.dr-eza.cl\/wp-content\/uploads\/2025\/09\/a_salazar.jpg\" alt=\"\" class=\"wp-image-269 size-full\"\/><\/figure><div class=\"wp-block-media-text__content\">\n<p>\u00c1lvaro Salazar<br>Ecoclimatolog\u00eda de zonas \u00e1ridas, Interacci\u00f3n bi\u00f3sfera-atm\u00f3sfera, Teledetecci\u00f3n, Inteligencia Artificial<br>alvaro.salazar@userena.cl<\/p>\n<\/div><\/div>\n\n\n\n<div class=\"wp-block-media-text is-stacked-on-mobile\" style=\"grid-template-columns:15% auto\"><figure class=\"wp-block-media-text__media\"><img loading=\"lazy\" decoding=\"async\" width=\"197\" height=\"202\" src=\"http:\/\/www.dr-eza.cl\/wp-content\/uploads\/2025\/07\/c_salgado.fw_.png\" alt=\"\" class=\"wp-image-78 size-full\"\/><\/figure><div class=\"wp-block-media-text__content\">\n<p>Cristian Salgado Luarte<br>Ecolog\u00eda \/ Ecofisiolog\u00eda Vegetal<br>csalgado@userena.cl<\/p>\n<\/div><\/div>\n\n\n\n<div class=\"wp-block-media-text is-stacked-on-mobile\" style=\"grid-template-columns:15% auto\"><figure class=\"wp-block-media-text__media\"><img loading=\"lazy\" decoding=\"async\" width=\"197\" height=\"202\" src=\"http:\/\/www.dr-eza.cl\/wp-content\/uploads\/2025\/09\/m_troncoso.jpg\" alt=\"\" class=\"wp-image-266 size-full\"\/><\/figure><div class=\"wp-block-media-text__content\">\n<p>Alejandra Troncoso<br>Biodiversidad y Biolog\u00eda de la Conservaci\u00f3n \/ Ecolog\u00eda Molecular<br>matroncoso@userena.cl<\/p>\n<\/div><\/div>\n\n\n\n<div class=\"wp-block-media-text is-stacked-on-mobile\" style=\"grid-template-columns:15% auto\"><figure class=\"wp-block-media-text__media\"><img loading=\"lazy\" decoding=\"async\" width=\"197\" height=\"202\" src=\"http:\/\/www.dr-eza.cl\/wp-content\/uploads\/2025\/07\/g_stotz.fw_.png\" alt=\"\" class=\"wp-image-84 size-full\"\/><\/figure><div class=\"wp-block-media-text__content\">\n<p>Gisela Stotz<br>Ecolog\u00eda funcional, Invasiones biol\u00f3gicas, Adaptaci\u00f3n al cambio clim\u00e1tico<br>gstotz@userena.cl<\/p>\n<\/div><\/div>\n\n\n\n<p><\/p>\n","protected":false},"excerpt":{"rendered":"<p>Claustro de Profesores Directores de Tesis Ang\u00e9line Bertin Ecolog\u00eda de comunidades, Ecolog\u00eda y Gen\u00e9tica del paisaje, Biolog\u00eda de la conservaci\u00f3nabertin@userena.cl<\/p>\n","protected":false},"author":1,"featured_media":0,"parent":0,"menu_order":0,"comment_status":"closed","ping_status":"closed","template":"","meta":{"colormag_page_layout":"default_layout","footnotes":""},"class_list":["post-97","page","type-page","status-publish","hentry"],"_links":{"self":[{"href":"http:\/\/www.dr-eza.cl\/index.php?rest_route=\/wp\/v2\/pages\/97","targetHints":{"allow":["GET"]}}],"collection":[{"href":"http:\/\/www.dr-eza.cl\/index.php?rest_route=\/wp\/v2\/pages"}],"about":[{"href":"http:\/\/www.dr-eza.cl\/index.php?rest_route=\/wp\/v2\/types\/page"}],"author":[{"embeddable":true,"href":"http:\/\/www.dr-eza.cl\/index.php?rest_route=\/wp\/v2\/users\/1"}],"replies":[{"embeddable":true,"href":"http:\/\/www.dr-eza.cl\/index.php?rest_route=%2Fwp%2Fv2%2Fcomments&post=97"}],"version-history":[{"count":18,"href":"http:\/\/www.dr-eza.cl\/index.php?rest_route=\/wp\/v2\/pages\/97\/revisions"}],"predecessor-version":[{"id":375,"href":"http:\/\/www.dr-eza.cl\/index.php?rest_route=\/wp\/v2\/pages\/97\/revisions\/375"}],"wp:attachment":[{"href":"http:\/\/www.dr-eza.cl\/index.php?rest_route=%2Fwp%2Fv2%2Fmedia&parent=97"}],"curies":[{"name":"wp","href":"https:\/\/api.w.org\/{rel}","templated":true}]}}